{"id":260,"date":"2022-01-02T13:28:15","date_gmt":"2022-01-02T12:28:15","guid":{"rendered":"https:\/\/www.ergokids-steyr.at\/ergokidssteyr\/?page_id=260"},"modified":"2022-08-19T08:04:12","modified_gmt":"2022-08-19T06:04:12","slug":"ergotherapie","status":"publish","type":"page","link":"https:\/\/www.ergokids-steyr.at\/ergokidssteyr\/ergotherapie\/","title":{"rendered":"Ergotherapie"},"content":{"rendered":"\t\t<div data-elementor-type=\"wp-page\" data-elementor-id=\"260\" class=\"elementor elementor-260\" data-elementor-settings=\"[]\">\n\t\t\t\t\t\t\t<div class=\"elementor-section-wrap\">\n\t\t\t\t\t\t\t<section class=\"elementor-section elementor-top-section elementor-element elementor-element-4f509b61 elementor-section-boxed elementor-section-height-default elementor-section-height-default\" data-id=\"4f509b61\" data-element_type=\"section\">\n\t\t\t\t\t\t<div class=\"elementor-container elementor-column-gap-default\">\n\t\t\t\t\t<div class=\"elementor-column elementor-col-100 elementor-top-column elementor-element elementor-element-78d90cc9\" data-id=\"78d90cc9\" data-element_type=\"column\">\n\t\t\t<div class=\"elementor-widget-wrap elementor-element-populated\">\n\t\t\t\t\t\t\t\t<section class=\"elementor-section elementor-inner-section elementor-element elementor-element-2aa15fb6 elementor-section-boxed elementor-section-height-default elementor-section-height-default\" data-id=\"2aa15fb6\" data-element_type=\"section\">\n\t\t\t\t\t\t<div class=\"elementor-container elementor-column-gap-default\">\n\t\t\t\t\t<div class=\"elementor-column elementor-col-50 elementor-inner-column elementor-element elementor-element-5efa3450\" data-id=\"5efa3450\" data-element_type=\"column\">\n\t\t\t<div class=\"elementor-widget-wrap elementor-element-populated\">\n\t\t\t\t\t\t\t\t<div class=\"elementor-element elementor-element-279efd7c elementor-invisible elementor-widget elementor-widget-heading\" data-id=\"279efd7c\" data-element_type=\"widget\" data-settings=\"{&quot;_animation&quot;:&quot;fadeIn&quot;}\" data-widget_type=\"heading.default\">\n\t\t\t\t<div class=\"elementor-widget-container\">\n\t\t\t<style>\/*! elementor - v3.5.3 - 28-12-2021 *\/\n.elementor-heading-title{padding:0;margin:0;line-height:1}.elementor-widget-heading .elementor-heading-title[class*=elementor-size-]>a{color:inherit;font-size:inherit;line-height:inherit}.elementor-widget-heading .elementor-heading-title.elementor-size-small{font-size:15px}.elementor-widget-heading .elementor-heading-title.elementor-size-medium{font-size:19px}.elementor-widget-heading .elementor-heading-title.elementor-size-large{font-size:29px}.elementor-widget-heading .elementor-heading-title.elementor-size-xl{font-size:39px}.elementor-widget-heading .elementor-heading-title.elementor-size-xxl{font-size:59px}<\/style><h1 class=\"elementor-heading-title elementor-size-default\">Kinder - Ergotherapie <\/h1>\t\t<\/div>\n\t\t\t\t<\/div>\n\t\t\t\t<div class=\"elementor-element elementor-element-4d3afd39 elementor-widget elementor-widget-text-editor\" data-id=\"4d3afd39\" data-element_type=\"widget\" data-widget_type=\"text-editor.default\">\n\t\t\t\t<div class=\"elementor-widget-container\">\n\t\t\t<style>\/*! elementor - v3.5.3 - 28-12-2021 *\/\n.elementor-widget-text-editor.elementor-drop-cap-view-stacked .elementor-drop-cap{background-color:#818a91;color:#fff}.elementor-widget-text-editor.elementor-drop-cap-view-framed .elementor-drop-cap{color:#818a91;border:3px solid;background-color:transparent}.elementor-widget-text-editor:not(.elementor-drop-cap-view-default) .elementor-drop-cap{margin-top:8px}.elementor-widget-text-editor:not(.elementor-drop-cap-view-default) .elementor-drop-cap-letter{width:1em;height:1em}.elementor-widget-text-editor .elementor-drop-cap{float:left;text-align:center;line-height:1;font-size:50px}.elementor-widget-text-editor .elementor-drop-cap-letter{display:inline-block}<\/style>\t\t\t\t<p>Das Ziel der Ergotherapie ist, dass Kinder in ihrem Alltag (Schule, Kindergarten, Freizeit, Alltagshandlungen) altersgem\u00e4\u00df teilhaben und f\u00fcr sich selbst und ihr Umfeld wichtige Dinge und T\u00e4tigkeiten ausf\u00fchren k\u00f6nnen.<\/p>\n<p><\/p>\n<p>Neben der Therapie mit den Kindern ist mir auch die Elternberatung und -begleitung sehr wichtig um die gemeinsam definierten Ziele zu erreichen und so den Alltag erleichtern.<\/p>\t\t\t\t\t\t<\/div>\n\t\t\t\t<\/div>\n\t\t\t\t\t<\/div>\n\t\t<\/div>\n\t\t\t\t<div class=\"elementor-column elementor-col-50 elementor-inner-column elementor-element elementor-element-6fecc020\" data-id=\"6fecc020\" data-element_type=\"column\">\n\t\t\t<div class=\"elementor-widget-wrap elementor-element-populated\">\n\t\t\t\t\t\t\t\t<div class=\"elementor-element elementor-element-50d49013 elementor-align-right elementor-tablet-align-center elementor-invisible elementor-widget elementor-widget-button\" data-id=\"50d49013\" data-element_type=\"widget\" data-settings=\"{&quot;_animation&quot;:&quot;fadeIn&quot;}\" data-widget_type=\"button.default\">\n\t\t\t\t<div class=\"elementor-widget-container\">\n\t\t\t\t\t<div class=\"elementor-button-wrapper\">\n\t\t\t<a href=\"https:\/\/www.ergokids-steyr.at\/ergokidssteyr\/tarife-und-verrechnung\" class=\"elementor-button-link elementor-button elementor-size-sm\" role=\"button\">\n\t\t\t\t\t\t<span class=\"elementor-button-content-wrapper\">\n\t\t\t\t\t\t<span class=\"elementor-button-icon elementor-align-icon-right\">\n\t\t\t\t<i aria-hidden=\"true\" class=\"fas fa-chevron-circle-right\"><\/i>\t\t\t<\/span>\n\t\t\t\t\t\t<span class=\"elementor-button-text\">Tarife & Verrechnung<\/span>\n\t\t<\/span>\n\t\t\t\t\t<\/a>\n\t\t<\/div>\n\t\t\t\t<\/div>\n\t\t\t\t<\/div>\n\t\t\t\t\t<\/div>\n\t\t<\/div>\n\t\t\t\t\t\t\t<\/div>\n\t\t<\/section>\n\t\t\t\t\t<\/div>\n\t\t<\/div>\n\t\t\t\t\t\t\t<\/div>\n\t\t<\/section>\n\t\t\t\t<section class=\"elementor-section elementor-top-section elementor-element elementor-element-49f6ede3 elementor-section-boxed elementor-section-height-default elementor-section-height-default\" data-id=\"49f6ede3\" data-element_type=\"section\">\n\t\t\t\t\t\t<div class=\"elementor-container elementor-column-gap-default\">\n\t\t\t\t\t<div class=\"elementor-column elementor-col-50 elementor-top-column elementor-element elementor-element-550a5b1a\" data-id=\"550a5b1a\" data-element_type=\"column\">\n\t\t\t<div class=\"elementor-widget-wrap elementor-element-populated\">\n\t\t\t\t\t\t\t\t<div class=\"elementor-element elementor-element-9e04ae6 animated-slow elementor-invisible elementor-widget elementor-widget-image\" data-id=\"9e04ae6\" data-element_type=\"widget\" data-settings=\"{&quot;_animation&quot;:&quot;fadeInUp&quot;}\" data-widget_type=\"image.default\">\n\t\t\t\t<div class=\"elementor-widget-container\">\n\t\t\t<style>\/*! elementor - v3.5.3 - 28-12-2021 *\/\n.elementor-widget-image{text-align:center}.elementor-widget-image a{display:inline-block}.elementor-widget-image a img[src$=\".svg\"]{width:48px}.elementor-widget-image img{vertical-align:middle;display:inline-block}<\/style>\t\t\t\t\t\t\t\t\t\t\t\t<img loading=\"lazy\" decoding=\"async\" width=\"1707\" height=\"2560\" src=\"https:\/\/www.ergokids-steyr.at\/ergokidssteyr\/wp-content\/uploads\/2021\/11\/I5A1572-scaled.jpg\" class=\"elementor-animation-grow attachment-full size-full\" alt=\"\" srcset=\"https:\/\/www.ergokids-steyr.at\/ergokidssteyr\/wp-content\/uploads\/2021\/11\/I5A1572-scaled.jpg 1707w, https:\/\/www.ergokids-steyr.at\/ergokidssteyr\/wp-content\/uploads\/2021\/11\/I5A1572-200x300.jpg 200w, https:\/\/www.ergokids-steyr.at\/ergokidssteyr\/wp-content\/uploads\/2021\/11\/I5A1572-683x1024.jpg 683w, https:\/\/www.ergokids-steyr.at\/ergokidssteyr\/wp-content\/uploads\/2021\/11\/I5A1572-768x1152.jpg 768w, https:\/\/www.ergokids-steyr.at\/ergokidssteyr\/wp-content\/uploads\/2021\/11\/I5A1572-1024x1536.jpg 1024w, https:\/\/www.ergokids-steyr.at\/ergokidssteyr\/wp-content\/uploads\/2021\/11\/I5A1572-1365x2048.jpg 1365w\" sizes=\"auto, (max-width: 1707px) 100vw, 1707px\" \/>\t\t\t\t\t\t\t\t\t\t\t\t\t\t\t<\/div>\n\t\t\t\t<\/div>\n\t\t\t\t\t<\/div>\n\t\t<\/div>\n\t\t\t\t<div class=\"elementor-column elementor-col-50 elementor-top-column elementor-element elementor-element-2e746eeb\" data-id=\"2e746eeb\" data-element_type=\"column\">\n\t\t\t<div class=\"elementor-widget-wrap elementor-element-populated\">\n\t\t\t\t\t\t\t\t<div class=\"elementor-element elementor-element-1bead4d3 animated-slow elementor-invisible elementor-widget elementor-widget-image\" data-id=\"1bead4d3\" data-element_type=\"widget\" data-settings=\"{&quot;_animation&quot;:&quot;fadeInDown&quot;}\" data-widget_type=\"image.default\">\n\t\t\t\t<div class=\"elementor-widget-container\">\n\t\t\t\t\t\t\t\t\t\t\t\t\t\t\t<img loading=\"lazy\" decoding=\"async\" width=\"2560\" height=\"1707\" src=\"https:\/\/www.ergokids-steyr.at\/ergokidssteyr\/wp-content\/uploads\/2021\/11\/I5A1591-scaled.jpg\" class=\"elementor-animation-grow attachment-full size-full\" alt=\"\" srcset=\"https:\/\/www.ergokids-steyr.at\/ergokidssteyr\/wp-content\/uploads\/2021\/11\/I5A1591-scaled.jpg 2560w, https:\/\/www.ergokids-steyr.at\/ergokidssteyr\/wp-content\/uploads\/2021\/11\/I5A1591-300x200.jpg 300w, https:\/\/www.ergokids-steyr.at\/ergokidssteyr\/wp-content\/uploads\/2021\/11\/I5A1591-1024x683.jpg 1024w, https:\/\/www.ergokids-steyr.at\/ergokidssteyr\/wp-content\/uploads\/2021\/11\/I5A1591-768x512.jpg 768w, https:\/\/www.ergokids-steyr.at\/ergokidssteyr\/wp-content\/uploads\/2021\/11\/I5A1591-1536x1024.jpg 1536w\" sizes=\"auto, (max-width: 2560px) 100vw, 2560px\" \/>\t\t\t\t\t\t\t\t\t\t\t\t\t\t\t<\/div>\n\t\t\t\t<\/div>\n\t\t\t\t\t<\/div>\n\t\t<\/div>\n\t\t\t\t\t\t\t<\/div>\n\t\t<\/section>\n\t\t\t\t<section class=\"elementor-section elementor-top-section elementor-element elementor-element-7755bdd3 elementor-section-boxed elementor-section-height-default elementor-section-height-default\" data-id=\"7755bdd3\" data-element_type=\"section\">\n\t\t\t\t\t\t<div class=\"elementor-container elementor-column-gap-default\">\n\t\t\t\t\t<div class=\"elementor-column elementor-col-100 elementor-top-column elementor-element elementor-element-6f152b4d\" data-id=\"6f152b4d\" data-element_type=\"column\">\n\t\t\t<div class=\"elementor-widget-wrap elementor-element-populated\">\n\t\t\t\t\t\t\t\t<section class=\"elementor-section elementor-inner-section elementor-element elementor-element-5395ade2 elementor-section-boxed elementor-section-height-default elementor-section-height-default\" data-id=\"5395ade2\" data-element_type=\"section\">\n\t\t\t\t\t\t<div class=\"elementor-container elementor-column-gap-default\">\n\t\t\t\t\t<div class=\"elementor-column elementor-col-50 elementor-inner-column elementor-element elementor-element-4559a3e6\" data-id=\"4559a3e6\" data-element_type=\"column\">\n\t\t\t<div class=\"elementor-widget-wrap elementor-element-populated\">\n\t\t\t\t\t\t\t\t<div class=\"elementor-element elementor-element-755d2ae7 elementor-invisible elementor-widget elementor-widget-text-editor\" data-id=\"755d2ae7\" data-element_type=\"widget\" data-settings=\"{&quot;_animation&quot;:&quot;fadeIn&quot;}\" data-widget_type=\"text-editor.default\">\n\t\t\t\t<div class=\"elementor-widget-container\">\n\t\t\t\t\t\t\t<p>Miriam Bichler<\/p>\t\t\t\t\t\t<\/div>\n\t\t\t\t<\/div>\n\t\t\t\t<div class=\"elementor-element elementor-element-667d5b90 elementor-widget elementor-widget-text-editor\" data-id=\"667d5b90\" data-element_type=\"widget\" data-widget_type=\"text-editor.default\">\n\t\t\t\t<div class=\"elementor-widget-container\">\n\t\t\t\t\t\t\t<p>Ergotherapie f\u00fcr S\u00e4uglinge, Kinder und Jugendliche<\/p>\t\t\t\t\t\t<\/div>\n\t\t\t\t<\/div>\n\t\t\t\t\t<\/div>\n\t\t<\/div>\n\t\t\t\t<div class=\"elementor-column elementor-col-25 elementor-inner-column elementor-element elementor-element-703f3e1a elementor-invisible\" data-id=\"703f3e1a\" data-element_type=\"column\" data-settings=\"{&quot;animation&quot;:&quot;fadeIn&quot;}\">\n\t\t\t<div class=\"elementor-widget-wrap elementor-element-populated\">\n\t\t\t\t\t\t\t\t<div class=\"elementor-element elementor-element-17b07a21 elementor-widget elementor-widget-text-editor\" data-id=\"17b07a21\" data-element_type=\"widget\" data-widget_type=\"text-editor.default\">\n\t\t\t\t<div class=\"elementor-widget-container\">\n\t\t\t\t\t\t\t<p>Praxis<\/p>\t\t\t\t\t\t<\/div>\n\t\t\t\t<\/div>\n\t\t\t\t<div class=\"elementor-element elementor-element-730643a elementor-widget elementor-widget-text-editor\" data-id=\"730643a\" data-element_type=\"widget\" data-widget_type=\"text-editor.default\">\n\t\t\t\t<div class=\"elementor-widget-container\">\n\t\t\t\t\t\t\t<p>Tavernstra\u00dfe 18 1\/2<\/p><p>4493 Wolfern<\/p>\t\t\t\t\t\t<\/div>\n\t\t\t\t<\/div>\n\t\t\t\t\t<\/div>\n\t\t<\/div>\n\t\t\t\t<div class=\"elementor-column elementor-col-25 elementor-inner-column elementor-element elementor-element-3bc787ae elementor-invisible\" data-id=\"3bc787ae\" data-element_type=\"column\" data-settings=\"{&quot;animation&quot;:&quot;fadeIn&quot;}\">\n\t\t\t<div class=\"elementor-widget-wrap elementor-element-populated\">\n\t\t\t\t\t\t\t\t<div class=\"elementor-element elementor-element-5a113b8b elementor-widget elementor-widget-text-editor\" data-id=\"5a113b8b\" data-element_type=\"widget\" data-widget_type=\"text-editor.default\">\n\t\t\t\t<div class=\"elementor-widget-container\">\n\t\t\t\t\t\t\t<p>Kontakt<\/p>\t\t\t\t\t\t<\/div>\n\t\t\t\t<\/div>\n\t\t\t\t<div class=\"elementor-element elementor-element-26290c6a elementor-widget elementor-widget-text-editor\" data-id=\"26290c6a\" data-element_type=\"widget\" data-widget_type=\"text-editor.default\">\n\t\t\t\t<div class=\"elementor-widget-container\">\n\t\t\t\t\t\t\t<p>+43 68120179068<br> miriam@ergomax.at<\/p>\t\t\t\t\t\t<\/div>\n\t\t\t\t<\/div>\n\t\t\t\t\t<\/div>\n\t\t<\/div>\n\t\t\t\t\t\t\t<\/div>\n\t\t<\/section>\n\t\t\t\t\t<\/div>\n\t\t<\/div>\n\t\t\t\t\t\t\t<\/div>\n\t\t<\/section>\n\t\t\t\t\t\t<\/div>\n\t\t\t\t\t<\/div>\n\t\t","protected":false},"excerpt":{"rendered":"<p>Kinder &#8211; Ergotherapie Das Ziel der Ergotherapie ist, dass Kinder in ihrem Alltag (Schule, Kindergarten, Freizeit, Alltagshandlungen) altersgem\u00e4\u00df teilhaben und f\u00fcr sich selbst und ihr Umfeld wichtige Dinge und T\u00e4tigkeiten ausf\u00fchren k\u00f6nnen. Neben der Therapie mit den Kindern ist mir auch die Elternberatung und -begleitung sehr wichtig um die gemeinsam definierten Ziele zu erreichen und [&hellip;]<\/p>\n","protected":false},"author":1,"featured_media":0,"parent":0,"menu_order":0,"comment_status":"closed","ping_status":"closed","template":"","meta":{"footnotes":""},"class_list":["post-260","page","type-page","status-publish","hentry","entry"],"yoast_head":"<!-- This site is optimized with the Yoast SEO plugin v17.4 - https:\/\/yoast.com\/wordpress\/plugins\/seo\/ -->\n<title>Ergotherapie - Ergokids<\/title>\n<meta name=\"robots\" content=\"index, follow, max-snippet:-1, max-image-preview:large, max-video-preview:-1\" \/>\n<link rel=\"canonical\" href=\"https:\/\/www.ergokids-steyr.at\/ergokidssteyr\/ergotherapie\/\" \/>\n<meta property=\"og:locale\" content=\"de_DE\" \/>\n<meta property=\"og:type\" content=\"article\" \/>\n<meta property=\"og:title\" content=\"Ergotherapie - Ergokids\" \/>\n<meta property=\"og:description\" content=\"Kinder &#8211; Ergotherapie Das Ziel der Ergotherapie ist, dass Kinder in ihrem Alltag (Schule, Kindergarten, Freizeit, Alltagshandlungen) altersgem\u00e4\u00df teilhaben und f\u00fcr sich selbst und ihr Umfeld wichtige Dinge und T\u00e4tigkeiten ausf\u00fchren k\u00f6nnen. Neben der Therapie mit den Kindern ist mir auch die Elternberatung und -begleitung sehr wichtig um die gemeinsam definierten Ziele zu erreichen und [&hellip;]\" \/>\n<meta property=\"og:url\" content=\"https:\/\/www.ergokids-steyr.at\/ergokidssteyr\/ergotherapie\/\" \/>\n<meta property=\"og:site_name\" content=\"Ergokids\" \/>\n<meta property=\"article:modified_time\" content=\"2022-08-19T06:04:12+00:00\" \/>\n<meta property=\"og:image\" content=\"https:\/\/www.ergokids-steyr.at\/ergokidssteyr\/wp-content\/uploads\/2021\/11\/I5A1572-scaled.jpg\" \/>\n<meta name=\"twitter:card\" content=\"summary_large_image\" \/>\n<meta name=\"twitter:label1\" content=\"Gesch\u00e4tzte Lesezeit\" \/>\n\t<meta name=\"twitter:data1\" content=\"1\u00a0Minute\" \/>\n<script type=\"application\/ld+json\" class=\"yoast-schema-graph\">{\"@context\":\"https:\/\/schema.org\",\"@graph\":[{\"@type\":\"WebSite\",\"@id\":\"https:\/\/www.ergokids-steyr.at\/ergokidssteyr\/#website\",\"url\":\"https:\/\/www.ergokids-steyr.at\/ergokidssteyr\/\",\"name\":\"Ergokids\",\"description\":\"Ergotherapie f\\u00fcr Kinder und Jugendliche\",\"potentialAction\":[{\"@type\":\"SearchAction\",\"target\":{\"@type\":\"EntryPoint\",\"urlTemplate\":\"https:\/\/www.ergokids-steyr.at\/ergokidssteyr\/?s={search_term_string}\"},\"query-input\":\"required name=search_term_string\"}],\"inLanguage\":\"de\"},{\"@type\":\"ImageObject\",\"@id\":\"https:\/\/www.ergokids-steyr.at\/ergokidssteyr\/ergotherapie\/#primaryimage\",\"inLanguage\":\"de\",\"url\":\"https:\/\/www.ergokids-steyr.at\/ergokidssteyr\/wp-content\/uploads\/2021\/11\/I5A1572-scaled.jpg\",\"contentUrl\":\"https:\/\/www.ergokids-steyr.at\/ergokidssteyr\/wp-content\/uploads\/2021\/11\/I5A1572-scaled.jpg\",\"width\":1707,\"height\":2560},{\"@type\":\"WebPage\",\"@id\":\"https:\/\/www.ergokids-steyr.at\/ergokidssteyr\/ergotherapie\/#webpage\",\"url\":\"https:\/\/www.ergokids-steyr.at\/ergokidssteyr\/ergotherapie\/\",\"name\":\"Ergotherapie - Ergokids\",\"isPartOf\":{\"@id\":\"https:\/\/www.ergokids-steyr.at\/ergokidssteyr\/#website\"},\"primaryImageOfPage\":{\"@id\":\"https:\/\/www.ergokids-steyr.at\/ergokidssteyr\/ergotherapie\/#primaryimage\"},\"datePublished\":\"2022-01-02T12:28:15+00:00\",\"dateModified\":\"2022-08-19T06:04:12+00:00\",\"breadcrumb\":{\"@id\":\"https:\/\/www.ergokids-steyr.at\/ergokidssteyr\/ergotherapie\/#breadcrumb\"},\"inLanguage\":\"de\",\"potentialAction\":[{\"@type\":\"ReadAction\",\"target\":[\"https:\/\/www.ergokids-steyr.at\/ergokidssteyr\/ergotherapie\/\"]}]},{\"@type\":\"BreadcrumbList\",\"@id\":\"https:\/\/www.ergokids-steyr.at\/ergokidssteyr\/ergotherapie\/#breadcrumb\",\"itemListElement\":[{\"@type\":\"ListItem\",\"position\":1,\"name\":\"Startseite\",\"item\":\"https:\/\/www.ergokids-steyr.at\/ergokidssteyr\/\"},{\"@type\":\"ListItem\",\"position\":2,\"name\":\"Ergotherapie\"}]}]}<\/script>\n<!-- \/ Yoast SEO plugin. -->","yoast_head_json":{"title":"Ergotherapie - Ergokids","robots":{"index":"index","follow":"follow","max-snippet":"max-snippet:-1","max-image-preview":"max-image-preview:large","max-video-preview":"max-video-preview:-1"},"canonical":"https:\/\/www.ergokids-steyr.at\/ergokidssteyr\/ergotherapie\/","og_locale":"de_DE","og_type":"article","og_title":"Ergotherapie - Ergokids","og_description":"Kinder &#8211; Ergotherapie Das Ziel der Ergotherapie ist, dass Kinder in ihrem Alltag (Schule, Kindergarten, Freizeit, Alltagshandlungen) altersgem\u00e4\u00df teilhaben und f\u00fcr sich selbst und ihr Umfeld wichtige Dinge und T\u00e4tigkeiten ausf\u00fchren k\u00f6nnen. Neben der Therapie mit den Kindern ist mir auch die Elternberatung und -begleitung sehr wichtig um die gemeinsam definierten Ziele zu erreichen und [&hellip;]","og_url":"https:\/\/www.ergokids-steyr.at\/ergokidssteyr\/ergotherapie\/","og_site_name":"Ergokids","article_modified_time":"2022-08-19T06:04:12+00:00","og_image":[{"url":"https:\/\/www.ergokids-steyr.at\/ergokidssteyr\/wp-content\/uploads\/2021\/11\/I5A1572-scaled.jpg"}],"twitter_card":"summary_large_image","twitter_misc":{"Gesch\u00e4tzte Lesezeit":"1\u00a0Minute"},"schema":{"@context":"https:\/\/schema.org","@graph":[{"@type":"WebSite","@id":"https:\/\/www.ergokids-steyr.at\/ergokidssteyr\/#website","url":"https:\/\/www.ergokids-steyr.at\/ergokidssteyr\/","name":"Ergokids","description":"Ergotherapie f\u00fcr Kinder und Jugendliche","potentialAction":[{"@type":"SearchAction","target":{"@type":"EntryPoint","urlTemplate":"https:\/\/www.ergokids-steyr.at\/ergokidssteyr\/?s={search_term_string}"},"query-input":"required name=search_term_string"}],"inLanguage":"de"},{"@type":"ImageObject","@id":"https:\/\/www.ergokids-steyr.at\/ergokidssteyr\/ergotherapie\/#primaryimage","inLanguage":"de","url":"https:\/\/www.ergokids-steyr.at\/ergokidssteyr\/wp-content\/uploads\/2021\/11\/I5A1572-scaled.jpg","contentUrl":"https:\/\/www.ergokids-steyr.at\/ergokidssteyr\/wp-content\/uploads\/2021\/11\/I5A1572-scaled.jpg","width":1707,"height":2560},{"@type":"WebPage","@id":"https:\/\/www.ergokids-steyr.at\/ergokidssteyr\/ergotherapie\/#webpage","url":"https:\/\/www.ergokids-steyr.at\/ergokidssteyr\/ergotherapie\/","name":"Ergotherapie - Ergokids","isPartOf":{"@id":"https:\/\/www.ergokids-steyr.at\/ergokidssteyr\/#website"},"primaryImageOfPage":{"@id":"https:\/\/www.ergokids-steyr.at\/ergokidssteyr\/ergotherapie\/#primaryimage"},"datePublished":"2022-01-02T12:28:15+00:00","dateModified":"2022-08-19T06:04:12+00:00","breadcrumb":{"@id":"https:\/\/www.ergokids-steyr.at\/ergokidssteyr\/ergotherapie\/#breadcrumb"},"inLanguage":"de","potentialAction":[{"@type":"ReadAction","target":["https:\/\/www.ergokids-steyr.at\/ergokidssteyr\/ergotherapie\/"]}]},{"@type":"BreadcrumbList","@id":"https:\/\/www.ergokids-steyr.at\/ergokidssteyr\/ergotherapie\/#breadcrumb","itemListElement":[{"@type":"ListItem","position":1,"name":"Startseite","item":"https:\/\/www.ergokids-steyr.at\/ergokidssteyr\/"},{"@type":"ListItem","position":2,"name":"Ergotherapie"}]}]}},"_links":{"self":[{"href":"https:\/\/www.ergokids-steyr.at\/ergokidssteyr\/wp-json\/wp\/v2\/pages\/260","targetHints":{"allow":["GET"]}}],"collection":[{"href":"https:\/\/www.ergokids-steyr.at\/ergokidssteyr\/wp-json\/wp\/v2\/pages"}],"about":[{"href":"https:\/\/www.ergokids-steyr.at\/ergokidssteyr\/wp-json\/wp\/v2\/types\/page"}],"author":[{"embeddable":true,"href":"https:\/\/www.ergokids-steyr.at\/ergokidssteyr\/wp-json\/wp\/v2\/users\/1"}],"replies":[{"embeddable":true,"href":"https:\/\/www.ergokids-steyr.at\/ergokidssteyr\/wp-json\/wp\/v2\/comments?post=260"}],"version-history":[{"count":27,"href":"https:\/\/www.ergokids-steyr.at\/ergokidssteyr\/wp-json\/wp\/v2\/pages\/260\/revisions"}],"predecessor-version":[{"id":468,"href":"https:\/\/www.ergokids-steyr.at\/ergokidssteyr\/wp-json\/wp\/v2\/pages\/260\/revisions\/468"}],"wp:attachment":[{"href":"https:\/\/www.ergokids-steyr.at\/ergokidssteyr\/wp-json\/wp\/v2\/media?parent=260"}],"curies":[{"name":"wp","href":"https:\/\/api.w.org\/{rel}","templated":true}]}}